{"id":261,"date":"2023-06-12T07:53:19","date_gmt":"2023-06-12T07:53:19","guid":{"rendered":"https:\/\/gs-am-tannenplatz.de\/?page_id=261"},"modified":"2026-04-27T12:18:26","modified_gmt":"2026-04-27T12:18:26","slug":"projekte","status":"publish","type":"page","link":"https:\/\/gs-am-tannenplatz.de\/index.php\/projekte\/","title":{"rendered":"Schulleben &amp; Ausfl\u00fcge"},"content":{"rendered":"\n<h2 class=\"wp-block-heading\">Einstein Kinder- und Jugendl\u00e4ufe 2026<\/h2>\n\n\n\n<p>Unsere Teilnehmenden der <a href=\"https:\/\/ulmer-jugendlaeufe.de\/\">Einstein Kinder- und Jungendl\u00e4ufe 2026<\/a>. Vielen Dank an alle! Toll, dass Ihr dabei wart!<\/p>\n\n\n\n<figure data-wp-context=\"{&quot;imageId&quot;:&quot;69f5447597478&quot;}\" data-wp-interactive=\"core\/image\" data-wp-key=\"69f5447597478\" class=\"wp-block-image size-large wp-lightbox-container\"><img loading=\"lazy\" decoding=\"async\" width=\"2480\" height=\"1860\" data-wp-class--hide=\"state.isContentHidden\" data-wp-class--show=\"state.isContentVisible\" data-wp-init=\"callbacks.setButtonStyles\" data-wp-on--click=\"actions.showLightbox\" data-wp-on--load=\"callbacks.setButtonStyles\" data-wp-on-window--resize=\"callbacks.setButtonStyles\" src=\"https:\/\/gs-am-tannenplatz.de\/wp-content\/uploads\/2026\/04\/IMG_2741-2480x1860.jpeg\" alt=\"\" class=\"wp-image-2223\" srcset=\"https:\/\/gs-am-tannenplatz.de\/wp-content\/uploads\/2026\/04\/IMG_2741-2480x1860.jpeg 2480w, https:\/\/gs-am-tannenplatz.de\/wp-content\/uploads\/2026\/04\/IMG_2741-1024x768.jpeg 1024w, https:\/\/gs-am-tannenplatz.de\/wp-content\/uploads\/2026\/04\/IMG_2741-768x576.jpeg 768w, https:\/\/gs-am-tannenplatz.de\/wp-content\/uploads\/2026\/04\/IMG_2741-1536x1152.jpeg 1536w, https:\/\/gs-am-tannenplatz.de\/wp-content\/uploads\/2026\/04\/IMG_2741-2048x1536.jpeg 2048w\" sizes=\"auto, (max-width: 2480px) 100vw, 2480px\" \/><button\n\t\t\tclass=\"lightbox-trigger\"\n\t\t\ttype=\"button\"\n\t\t\taria-haspopup=\"dialog\"\n\t\t\taria-label=\"Vergr\u00f6\u00dfern\"\n\t\t\tdata-wp-init=\"callbacks.initTriggerButton\"\n\t\t\tdata-wp-on--click=\"actions.showLightbox\"\n\t\t\tdata-wp-style--right=\"state.imageButtonRight\"\n\t\t\tdata-wp-style--top=\"state.imageButtonTop\"\n\t\t>\n\t\t\t<svg xmlns=\"http:\/\/www.w3.org\/2000\/svg\" width=\"12\" height=\"12\" fill=\"none\" viewBox=\"0 0 12 12\">\n\t\t\t\t<path fill=\"#fff\" d=\"M2 0a2 2 0 0 0-2 2v2h1.5V2a.5.5 0 0 1 .5-.5h2V0H2Zm2 10.5H2a.5.5 0 0 1-.5-.5V8H0v2a2 2 0 0 0 2 2h2v-1.5ZM8 12v-1.5h2a.5.5 0 0 0 .5-.5V8H12v2a2 2 0 0 1-2 2H8Zm2-12a2 2 0 0 1 2 2v2h-1.5V2a.5.5 0 0 0-.5-.5H8V0h2Z\" \/>\n\t\t\t<\/svg>\n\t\t<\/button><\/figure>\n\n\n\n<figure data-wp-context=\"{&quot;imageId&quot;:&quot;69f54475977d8&quot;}\" data-wp-interactive=\"core\/image\" data-wp-key=\"69f54475977d8\" class=\"wp-block-image size-large wp-lightbox-container\"><img loading=\"lazy\" decoding=\"async\" width=\"2480\" height=\"1860\" data-wp-class--hide=\"state.isContentHidden\" data-wp-class--show=\"state.isContentVisible\" data-wp-init=\"callbacks.setButtonStyles\" data-wp-on--click=\"actions.showLightbox\" data-wp-on--load=\"callbacks.setButtonStyles\" data-wp-on-window--resize=\"callbacks.setButtonStyles\" src=\"https:\/\/gs-am-tannenplatz.de\/wp-content\/uploads\/2026\/04\/IMG_6775-2480x1860.jpeg\" alt=\"\" class=\"wp-image-2225\" srcset=\"https:\/\/gs-am-tannenplatz.de\/wp-content\/uploads\/2026\/04\/IMG_6775-2480x1860.jpeg 2480w, https:\/\/gs-am-tannenplatz.de\/wp-content\/uploads\/2026\/04\/IMG_6775-1024x768.jpeg 1024w, https:\/\/gs-am-tannenplatz.de\/wp-content\/uploads\/2026\/04\/IMG_6775-768x576.jpeg 768w, https:\/\/gs-am-tannenplatz.de\/wp-content\/uploads\/2026\/04\/IMG_6775-1536x1152.jpeg 1536w, https:\/\/gs-am-tannenplatz.de\/wp-content\/uploads\/2026\/04\/IMG_6775-2048x1536.jpeg 2048w\" sizes=\"auto, (max-width: 2480px) 100vw, 2480px\" \/><button\n\t\t\tclass=\"lightbox-trigger\"\n\t\t\ttype=\"button\"\n\t\t\taria-haspopup=\"dialog\"\n\t\t\taria-label=\"Vergr\u00f6\u00dfern\"\n\t\t\tdata-wp-init=\"callbacks.initTriggerButton\"\n\t\t\tdata-wp-on--click=\"actions.showLightbox\"\n\t\t\tdata-wp-style--right=\"state.imageButtonRight\"\n\t\t\tdata-wp-style--top=\"state.imageButtonTop\"\n\t\t>\n\t\t\t<svg xmlns=\"http:\/\/www.w3.org\/2000\/svg\" width=\"12\" height=\"12\" fill=\"none\" viewBox=\"0 0 12 12\">\n\t\t\t\t<path fill=\"#fff\" d=\"M2 0a2 2 0 0 0-2 2v2h1.5V2a.5.5 0 0 1 .5-.5h2V0H2Zm2 10.5H2a.5.5 0 0 1-.5-.5V8H0v2a2 2 0 0 0 2 2h2v-1.5ZM8 12v-1.5h2a.5.5 0 0 0 .5-.5V8H12v2a2 2 0 0 1-2 2H8Zm2-12a2 2 0 0 1 2 2v2h-1.5V2a.5.5 0 0 0-.5-.5H8V0h2Z\" \/>\n\t\t\t<\/svg>\n\t\t<\/button><\/figure>\n\n\n\n<h2 class=\"wp-block-heading\">K\u00e4nguru Wettbewerb Mathematik<\/h2>\n\n\n\n<p>Auch in diesem Schuljahr haben sich wieder viele besonders matheinteressierte Kinder aus Kl. 3 und Kl. 4 am <a href=\"https:\/\/www.mathe-kaenguru.de\/\" target=\"_blank\" rel=\"noreferrer noopener\">K\u00e4nguru Wettbewerb der Mathematik<\/a> versucht. Die Kinder hatten f\u00fcr die 24 teils sehr kniffligen Aufgaben insgesamt 75 min Zeit. &#8222;Ich habe alles gegeben&#8220;, berichtete ein Junge aus Klasse 4. Wir dr\u00fccken allen Teilnehmenden fest die Daumen f\u00fcr ein gutes Ergebnis. Die Ergebnisse erwarten wir im Juni. <\/p>\n\n\n\n<figure class=\"wp-block-gallery has-nested-images columns-default is-cropped wp-block-gallery-1 is-layout-flex wp-block-gallery-is-layout-flex\">\n<figure data-wp-context=\"{&quot;imageId&quot;:&quot;69f5447597b9e&quot;}\" data-wp-interactive=\"core\/image\" data-wp-key=\"69f5447597b9e\" class=\"wp-block-image size-large wp-lightbox-container\"><img loading=\"lazy\" decoding=\"async\" width=\"1860\" height=\"2480\" data-wp-class--hide=\"state.isContentHidden\" data-wp-class--show=\"state.isContentVisible\" data-wp-init=\"callbacks.setButtonStyles\" data-wp-on--click=\"actions.showLightbox\" data-wp-on--load=\"callbacks.setButtonStyles\" data-wp-on-window--resize=\"callbacks.setButtonStyles\" data-id=\"2170\" src=\"https:\/\/gs-am-tannenplatz.de\/wp-content\/uploads\/2026\/03\/IMG_5163_bearb-1-1860x2480.jpg\" alt=\"\" class=\"wp-image-2170\" srcset=\"https:\/\/gs-am-tannenplatz.de\/wp-content\/uploads\/2026\/03\/IMG_5163_bearb-1-1860x2480.jpg 1860w, https:\/\/gs-am-tannenplatz.de\/wp-content\/uploads\/2026\/03\/IMG_5163_bearb-1-768x1024.jpg 768w, https:\/\/gs-am-tannenplatz.de\/wp-content\/uploads\/2026\/03\/IMG_5163_bearb-1-1152x1536.jpg 1152w, https:\/\/gs-am-tannenplatz.de\/wp-content\/uploads\/2026\/03\/IMG_5163_bearb-1-1536x2048.jpg 1536w, https:\/\/gs-am-tannenplatz.de\/wp-content\/uploads\/2026\/03\/IMG_5163_bearb-1-scaled.jpg 1920w\" sizes=\"auto, (max-width: 1860px) 100vw, 1860px\" \/><button\n\t\t\tclass=\"lightbox-trigger\"\n\t\t\ttype=\"button\"\n\t\t\taria-haspopup=\"dialog\"\n\t\t\taria-label=\"Vergr\u00f6\u00dfern\"\n\t\t\tdata-wp-init=\"callbacks.initTriggerButton\"\n\t\t\tdata-wp-on--click=\"actions.showLightbox\"\n\t\t\tdata-wp-style--right=\"state.imageButtonRight\"\n\t\t\tdata-wp-style--top=\"state.imageButtonTop\"\n\t\t>\n\t\t\t<svg xmlns=\"http:\/\/www.w3.org\/2000\/svg\" width=\"12\" height=\"12\" fill=\"none\" viewBox=\"0 0 12 12\">\n\t\t\t\t<path fill=\"#fff\" d=\"M2 0a2 2 0 0 0-2 2v2h1.5V2a.5.5 0 0 1 .5-.5h2V0H2Zm2 10.5H2a.5.5 0 0 1-.5-.5V8H0v2a2 2 0 0 0 2 2h2v-1.5ZM8 12v-1.5h2a.5.5 0 0 0 .5-.5V8H12v2a2 2 0 0 1-2 2H8Zm2-12a2 2 0 0 1 2 2v2h-1.5V2a.5.5 0 0 0-.5-.5H8V0h2Z\" \/>\n\t\t\t<\/svg>\n\t\t<\/button><\/figure>\n\n\n\n<figure data-wp-context=\"{&quot;imageId&quot;:&quot;69f5447597e06&quot;}\" data-wp-interactive=\"core\/image\" data-wp-key=\"69f5447597e06\" class=\"wp-block-image size-large wp-lightbox-container\"><img loading=\"lazy\" decoding=\"async\" width=\"1860\" height=\"2480\" data-wp-class--hide=\"state.isContentHidden\" data-wp-class--show=\"state.isContentVisible\" data-wp-init=\"callbacks.setButtonStyles\" data-wp-on--click=\"actions.showLightbox\" data-wp-on--load=\"callbacks.setButtonStyles\" data-wp-on-window--resize=\"callbacks.setButtonStyles\" data-id=\"2169\" src=\"https:\/\/gs-am-tannenplatz.de\/wp-content\/uploads\/2026\/03\/IMG_5160_bearb-1860x2480.jpg\" alt=\"\" class=\"wp-image-2169\" srcset=\"https:\/\/gs-am-tannenplatz.de\/wp-content\/uploads\/2026\/03\/IMG_5160_bearb-1860x2480.jpg 1860w, https:\/\/gs-am-tannenplatz.de\/wp-content\/uploads\/2026\/03\/IMG_5160_bearb-768x1024.jpg 768w, https:\/\/gs-am-tannenplatz.de\/wp-content\/uploads\/2026\/03\/IMG_5160_bearb-1152x1536.jpg 1152w, https:\/\/gs-am-tannenplatz.de\/wp-content\/uploads\/2026\/03\/IMG_5160_bearb-1536x2048.jpg 1536w, https:\/\/gs-am-tannenplatz.de\/wp-content\/uploads\/2026\/03\/IMG_5160_bearb-scaled.jpg 1920w\" sizes=\"auto, (max-width: 1860px) 100vw, 1860px\" \/><button\n\t\t\tclass=\"lightbox-trigger\"\n\t\t\ttype=\"button\"\n\t\t\taria-haspopup=\"dialog\"\n\t\t\taria-label=\"Vergr\u00f6\u00dfern\"\n\t\t\tdata-wp-init=\"callbacks.initTriggerButton\"\n\t\t\tdata-wp-on--click=\"actions.showLightbox\"\n\t\t\tdata-wp-style--right=\"state.imageButtonRight\"\n\t\t\tdata-wp-style--top=\"state.imageButtonTop\"\n\t\t>\n\t\t\t<svg xmlns=\"http:\/\/www.w3.org\/2000\/svg\" width=\"12\" height=\"12\" fill=\"none\" viewBox=\"0 0 12 12\">\n\t\t\t\t<path fill=\"#fff\" d=\"M2 0a2 2 0 0 0-2 2v2h1.5V2a.5.5 0 0 1 .5-.5h2V0H2Zm2 10.5H2a.5.5 0 0 1-.5-.5V8H0v2a2 2 0 0 0 2 2h2v-1.5ZM8 12v-1.5h2a.5.5 0 0 0 .5-.5V8H12v2a2 2 0 0 1-2 2H8Zm2-12a2 2 0 0 1 2 2v2h-1.5V2a.5.5 0 0 0-.5-.5H8V0h2Z\" \/>\n\t\t\t<\/svg>\n\t\t<\/button><\/figure>\n<\/figure>\n\n\n\n<h2 class=\"wp-block-heading\">Besuch beim Oberb\u00fcrgermeister<\/h2>\n\n\n\n<p>Die Klassensprecherinnen und Klassensprecher besuchten am 3. M\u00e4rz das Rathaus Ulm und trafen OB Martin Ansbacher. \u00dcber die Aktion <a href=\"https:\/\/www.ulm.de\/rathaus\/einblick-ins-rathaus\" data-type=\"link\" data-id=\"https:\/\/www.ulm.de\/rathaus\/einblick-ins-rathaus\" target=\"_blank\" rel=\"noreferrer noopener\">EinBlick ins Rathaus &#8211; Schule trifft Stadt<\/a> lernten die Kinder das ehrw\u00fcrdige Geb\u00e4ude sowie die Besonderheit es Ulmer Schw\u00f6rbriefes kennen. Im gro\u00dfen Sitzungssaal nahm sich der B\u00fcrgermeister dann eine Stunde Zeit f\u00fcr den Austausch mit den Kindern. Zun\u00e4chst erkl\u00e4rte er ihnen seine Aufgaben und f\u00fcgte hinzu, dass er niemals etwas alleine entscheiden d\u00fcrfe, sondern f\u00fcr alles demokratische Mehrheiten finden m\u00fcsse. Daran konnten unsere Klassensprecher*innen ankn\u00fcpfen und erz\u00e4hlten ihm vom Klassenrat und vom Sch\u00fclerrat.<br>Im zweiten Teil brachten die Kinder Anliegen vor, die sie in der Schule und in Wiblingen besch\u00e4ftigen. &#8222;Wenn ich B\u00fcrgermeister*in w\u00e4re, w\u00fcrde ich&#8230;&#8220; war das Motto. Medizin, Klamotten und Essen sollen g\u00fcnstiger werden, in Ulm sollte es mehr Tierheime und auf dem Pausenhof Kunstrasen geben. Doch auch die Verschmutzung der Umwelt durch M\u00fcll besch\u00e4ftigt sie. Der B\u00fcrgermeister ging auf die einzelnen Anliegen ein und erkl\u00e4rte, was er unterst\u00fctzen k\u00f6nne und was er zwar gut findet, aber nichts machen kann (etwa bei der Forderung nach mehr Sportunterricht in der Schule).<br>Am Ende gab es f\u00fcr die Kinder noch einen offiziellen Empfang mit verschiedenen S\u00e4ften und Gummib\u00e4rchen in M\u00fcnsterform. <\/p>\n\n\n\n<figure data-wp-context=\"{&quot;imageId&quot;:&quot;69f54475984f6&quot;}\" data-wp-interactive=\"core\/image\" data-wp-key=\"69f54475984f6\" class=\"wp-block-image size-large wp-lightbox-container\"><img loading=\"lazy\" decoding=\"async\" width=\"2480\" height=\"1715\" data-wp-class--hide=\"state.isContentHidden\" data-wp-class--show=\"state.isContentVisible\" data-wp-init=\"callbacks.setButtonStyles\" data-wp-on--click=\"actions.showLightbox\" data-wp-on--load=\"callbacks.setButtonStyles\" data-wp-on-window--resize=\"callbacks.setButtonStyles\" src=\"https:\/\/gs-am-tannenplatz.de\/wp-content\/uploads\/2026\/03\/Gruppenfoto_bearb-2480x1715.png\" alt=\"\" class=\"wp-image-2160\" srcset=\"https:\/\/gs-am-tannenplatz.de\/wp-content\/uploads\/2026\/03\/Gruppenfoto_bearb-2480x1715.png 2480w, https:\/\/gs-am-tannenplatz.de\/wp-content\/uploads\/2026\/03\/Gruppenfoto_bearb-1024x708.png 1024w, https:\/\/gs-am-tannenplatz.de\/wp-content\/uploads\/2026\/03\/Gruppenfoto_bearb-768x531.png 768w, https:\/\/gs-am-tannenplatz.de\/wp-content\/uploads\/2026\/03\/Gruppenfoto_bearb-1536x1062.png 1536w, https:\/\/gs-am-tannenplatz.de\/wp-content\/uploads\/2026\/03\/Gruppenfoto_bearb-2048x1416.png 2048w\" sizes=\"auto, (max-width: 2480px) 100vw, 2480px\" \/><button\n\t\t\tclass=\"lightbox-trigger\"\n\t\t\ttype=\"button\"\n\t\t\taria-haspopup=\"dialog\"\n\t\t\taria-label=\"Vergr\u00f6\u00dfern\"\n\t\t\tdata-wp-init=\"callbacks.initTriggerButton\"\n\t\t\tdata-wp-on--click=\"actions.showLightbox\"\n\t\t\tdata-wp-style--right=\"state.imageButtonRight\"\n\t\t\tdata-wp-style--top=\"state.imageButtonTop\"\n\t\t>\n\t\t\t<svg xmlns=\"http:\/\/www.w3.org\/2000\/svg\" width=\"12\" height=\"12\" fill=\"none\" viewBox=\"0 0 12 12\">\n\t\t\t\t<path fill=\"#fff\" d=\"M2 0a2 2 0 0 0-2 2v2h1.5V2a.5.5 0 0 1 .5-.5h2V0H2Zm2 10.5H2a.5.5 0 0 1-.5-.5V8H0v2a2 2 0 0 0 2 2h2v-1.5ZM8 12v-1.5h2a.5.5 0 0 0 .5-.5V8H12v2a2 2 0 0 1-2 2H8Zm2-12a2 2 0 0 1 2 2v2h-1.5V2a.5.5 0 0 0-.5-.5H8V0h2Z\" \/>\n\t\t\t<\/svg>\n\t\t<\/button><\/figure>\n\n\n\n<figure data-wp-context=\"{&quot;imageId&quot;:&quot;69f544759874c&quot;}\" data-wp-interactive=\"core\/image\" data-wp-key=\"69f544759874c\" class=\"wp-block-image size-large wp-lightbox-container\"><img loading=\"lazy\" decoding=\"async\" width=\"2480\" height=\"1395\" data-wp-class--hide=\"state.isContentHidden\" data-wp-class--show=\"state.isContentVisible\" data-wp-init=\"callbacks.setButtonStyles\" data-wp-on--click=\"actions.showLightbox\" data-wp-on--load=\"callbacks.setButtonStyles\" data-wp-on-window--resize=\"callbacks.setButtonStyles\" src=\"https:\/\/gs-am-tannenplatz.de\/wp-content\/uploads\/2026\/03\/IMG_20260303_151141-2480x1395.jpg\" alt=\"\" class=\"wp-image-2161\" srcset=\"https:\/\/gs-am-tannenplatz.de\/wp-content\/uploads\/2026\/03\/IMG_20260303_151141-2480x1395.jpg 2480w, https:\/\/gs-am-tannenplatz.de\/wp-content\/uploads\/2026\/03\/IMG_20260303_151141-1024x576.jpg 1024w, https:\/\/gs-am-tannenplatz.de\/wp-content\/uploads\/2026\/03\/IMG_20260303_151141-768x432.jpg 768w, https:\/\/gs-am-tannenplatz.de\/wp-content\/uploads\/2026\/03\/IMG_20260303_151141-1536x864.jpg 1536w, https:\/\/gs-am-tannenplatz.de\/wp-content\/uploads\/2026\/03\/IMG_20260303_151141-2048x1152.jpg 2048w\" sizes=\"auto, (max-width: 2480px) 100vw, 2480px\" \/><button\n\t\t\tclass=\"lightbox-trigger\"\n\t\t\ttype=\"button\"\n\t\t\taria-haspopup=\"dialog\"\n\t\t\taria-label=\"Vergr\u00f6\u00dfern\"\n\t\t\tdata-wp-init=\"callbacks.initTriggerButton\"\n\t\t\tdata-wp-on--click=\"actions.showLightbox\"\n\t\t\tdata-wp-style--right=\"state.imageButtonRight\"\n\t\t\tdata-wp-style--top=\"state.imageButtonTop\"\n\t\t>\n\t\t\t<svg xmlns=\"http:\/\/www.w3.org\/2000\/svg\" width=\"12\" height=\"12\" fill=\"none\" viewBox=\"0 0 12 12\">\n\t\t\t\t<path fill=\"#fff\" d=\"M2 0a2 2 0 0 0-2 2v2h1.5V2a.5.5 0 0 1 .5-.5h2V0H2Zm2 10.5H2a.5.5 0 0 1-.5-.5V8H0v2a2 2 0 0 0 2 2h2v-1.5ZM8 12v-1.5h2a.5.5 0 0 0 .5-.5V8H12v2a2 2 0 0 1-2 2H8Zm2-12a2 2 0 0 1 2 2v2h-1.5V2a.5.5 0 0 0-.5-.5H8V0h2Z\" \/>\n\t\t\t<\/svg>\n\t\t<\/button><\/figure>\n\n\n\n<figure data-wp-context=\"{&quot;imageId&quot;:&quot;69f5447598993&quot;}\" data-wp-interactive=\"core\/image\" data-wp-key=\"69f5447598993\" class=\"wp-block-image size-large wp-lightbox-container\"><img loading=\"lazy\" decoding=\"async\" width=\"2480\" height=\"1395\" data-wp-class--hide=\"state.isContentHidden\" data-wp-class--show=\"state.isContentVisible\" data-wp-init=\"callbacks.setButtonStyles\" data-wp-on--click=\"actions.showLightbox\" data-wp-on--load=\"callbacks.setButtonStyles\" data-wp-on-window--resize=\"callbacks.setButtonStyles\" src=\"https:\/\/gs-am-tannenplatz.de\/wp-content\/uploads\/2026\/03\/IMG_20260303_143140-2480x1395.jpg\" alt=\"\" class=\"wp-image-2162\" srcset=\"https:\/\/gs-am-tannenplatz.de\/wp-content\/uploads\/2026\/03\/IMG_20260303_143140-2480x1395.jpg 2480w, https:\/\/gs-am-tannenplatz.de\/wp-content\/uploads\/2026\/03\/IMG_20260303_143140-1024x576.jpg 1024w, https:\/\/gs-am-tannenplatz.de\/wp-content\/uploads\/2026\/03\/IMG_20260303_143140-768x432.jpg 768w, https:\/\/gs-am-tannenplatz.de\/wp-content\/uploads\/2026\/03\/IMG_20260303_143140-1536x864.jpg 1536w, https:\/\/gs-am-tannenplatz.de\/wp-content\/uploads\/2026\/03\/IMG_20260303_143140-2048x1152.jpg 2048w\" sizes=\"auto, (max-width: 2480px) 100vw, 2480px\" \/><button\n\t\t\tclass=\"lightbox-trigger\"\n\t\t\ttype=\"button\"\n\t\t\taria-haspopup=\"dialog\"\n\t\t\taria-label=\"Vergr\u00f6\u00dfern\"\n\t\t\tdata-wp-init=\"callbacks.initTriggerButton\"\n\t\t\tdata-wp-on--click=\"actions.showLightbox\"\n\t\t\tdata-wp-style--right=\"state.imageButtonRight\"\n\t\t\tdata-wp-style--top=\"state.imageButtonTop\"\n\t\t>\n\t\t\t<svg xmlns=\"http:\/\/www.w3.org\/2000\/svg\" width=\"12\" height=\"12\" fill=\"none\" viewBox=\"0 0 12 12\">\n\t\t\t\t<path fill=\"#fff\" d=\"M2 0a2 2 0 0 0-2 2v2h1.5V2a.5.5 0 0 1 .5-.5h2V0H2Zm2 10.5H2a.5.5 0 0 1-.5-.5V8H0v2a2 2 0 0 0 2 2h2v-1.5ZM8 12v-1.5h2a.5.5 0 0 0 .5-.5V8H12v2a2 2 0 0 1-2 2H8Zm2-12a2 2 0 0 1 2 2v2h-1.5V2a.5.5 0 0 0-.5-.5H8V0h2Z\" \/>\n\t\t\t<\/svg>\n\t\t<\/button><\/figure>\n\n\n\n<h2 class=\"wp-block-heading\">Besuch im Seniorenzentrum<\/h2>\n\n\n\n<p>Die Klasse 2d war am vorletzten Schultag vor den Weihnachtsferien zu Besuch im Seniorenzentrum K\u00f6gel am Wiblinger Kloster. Die Kinder sangen Weihnachts- und Winterlieder vor und sagten das einge\u00fcbte Gedicht auf. Die Bewohnerinnen und Bewohner freuten sich auch sehr \u00fcber die selbstgebastelten Weihnachtskarten, die jeder\/ jede \u00fcberreicht bekam. F\u00fcr die Kinder war es eine eindr\u00fcckliche Erfahrung, nicht nur weil zwei der Zuh\u00f6rerinnen schon 100 Jahre alt waren. Ein weiterer Besuch wurde verabredet.<\/p>\n\n\n\n<figure data-wp-context=\"{&quot;imageId&quot;:&quot;69f5447598ca2&quot;}\" data-wp-interactive=\"core\/image\" data-wp-key=\"69f5447598ca2\" class=\"wp-block-image size-large wp-lightbox-container\"><img loading=\"lazy\" decoding=\"async\" width=\"2480\" height=\"1860\" data-wp-class--hide=\"state.isContentHidden\" data-wp-class--show=\"state.isContentVisible\" data-wp-init=\"callbacks.setButtonStyles\" data-wp-on--click=\"actions.showLightbox\" data-wp-on--load=\"callbacks.setButtonStyles\" data-wp-on-window--resize=\"callbacks.setButtonStyles\" src=\"https:\/\/gs-am-tannenplatz.de\/wp-content\/uploads\/2026\/01\/IMG_7070_pixel-2480x1860.jpg\" alt=\"\" class=\"wp-image-2066\" srcset=\"https:\/\/gs-am-tannenplatz.de\/wp-content\/uploads\/2026\/01\/IMG_7070_pixel-2480x1860.jpg 2480w, https:\/\/gs-am-tannenplatz.de\/wp-content\/uploads\/2026\/01\/IMG_7070_pixel-1024x768.jpg 1024w, https:\/\/gs-am-tannenplatz.de\/wp-content\/uploads\/2026\/01\/IMG_7070_pixel-768x576.jpg 768w, https:\/\/gs-am-tannenplatz.de\/wp-content\/uploads\/2026\/01\/IMG_7070_pixel-1536x1152.jpg 1536w, https:\/\/gs-am-tannenplatz.de\/wp-content\/uploads\/2026\/01\/IMG_7070_pixel-2048x1536.jpg 2048w\" sizes=\"auto, (max-width: 2480px) 100vw, 2480px\" \/><button\n\t\t\tclass=\"lightbox-trigger\"\n\t\t\ttype=\"button\"\n\t\t\taria-haspopup=\"dialog\"\n\t\t\taria-label=\"Vergr\u00f6\u00dfern\"\n\t\t\tdata-wp-init=\"callbacks.initTriggerButton\"\n\t\t\tdata-wp-on--click=\"actions.showLightbox\"\n\t\t\tdata-wp-style--right=\"state.imageButtonRight\"\n\t\t\tdata-wp-style--top=\"state.imageButtonTop\"\n\t\t>\n\t\t\t<svg xmlns=\"http:\/\/www.w3.org\/2000\/svg\" width=\"12\" height=\"12\" fill=\"none\" viewBox=\"0 0 12 12\">\n\t\t\t\t<path fill=\"#fff\" d=\"M2 0a2 2 0 0 0-2 2v2h1.5V2a.5.5 0 0 1 .5-.5h2V0H2Zm2 10.5H2a.5.5 0 0 1-.5-.5V8H0v2a2 2 0 0 0 2 2h2v-1.5ZM8 12v-1.5h2a.5.5 0 0 0 .5-.5V8H12v2a2 2 0 0 1-2 2H8Zm2-12a2 2 0 0 1 2 2v2h-1.5V2a.5.5 0 0 0-.5-.5H8V0h2Z\" \/>\n\t\t\t<\/svg>\n\t\t<\/button><\/figure>\n\n\n\n<h2 class=\"wp-block-heading\">Kunstprojekt Triadisches Ballett<\/h2>\n\n\n\n<p>Mit der K\u00fcnstlerin <a href=\"https:\/\/www.tiebelquast.de\/\">Andrea Tiebel-Quast<\/a> n\u00e4herten sich die Kinder der Klassen 3b und 3c auf k\u00fcnstlerischem Wege dem Triadischen Ballett von Bauhaus K\u00fcnstler Oskar Schlemmer (1888-1943). Der <strong>Arbeitsauftrag<\/strong> war daher drei geteilt: Eine Zeichnung oder Malerei anfertigen, eine Kopf-Maske in 3d gestalten sowie ein Logo von Schlemmer zu gestalten. Vielerlei <strong>Techniken<\/strong> kamen dabei zum Einsatz: Intuitives Zeichnen mit Holzmalstiften, Malerei mit Farbkasten, Malerei mit Zuckerkreide, dreidimensionales Gestalten aus Recyclingmaterial, &#8222;Bewegung \u00fcben&#8220; nach Rhythmus (laufen, schreiten, balancieren, trippeln).<br>Die Ergebnisse der Sch\u00fclerinnen und Sch\u00fcler k\u00f6nnen im ganzen Schulhaus am Tannenplatz betrachtet werden.<\/p>\n\n\n\n<figure class=\"wp-block-gallery has-nested-images columns-default is-cropped wp-block-gallery-2 is-layout-flex wp-block-gallery-is-layout-flex\">\n<figure class=\"wp-block-image size-large\"><img loading=\"lazy\" decoding=\"async\" width=\"2436\" height=\"1714\" data-id=\"1997\" src=\"https:\/\/gs-am-tannenplatz.de\/wp-content\/uploads\/2025\/11\/uebersicht.png\" alt=\"\" class=\"wp-image-1997\" srcset=\"https:\/\/gs-am-tannenplatz.de\/wp-content\/uploads\/2025\/11\/uebersicht.png 2436w, https:\/\/gs-am-tannenplatz.de\/wp-content\/uploads\/2025\/11\/uebersicht-1024x720.png 1024w, https:\/\/gs-am-tannenplatz.de\/wp-content\/uploads\/2025\/11\/uebersicht-768x540.png 768w, https:\/\/gs-am-tannenplatz.de\/wp-content\/uploads\/2025\/11\/uebersicht-1536x1081.png 1536w, https:\/\/gs-am-tannenplatz.de\/wp-content\/uploads\/2025\/11\/uebersicht-2048x1441.png 2048w\" sizes=\"auto, (max-width: 2436px) 100vw, 2436px\" \/><\/figure>\n<\/figure>\n\n\n<div class=\"wp-block-image\">\n<figure class=\"aligncenter size-full is-resized\"><img loading=\"lazy\" decoding=\"async\" width=\"800\" height=\"360\" src=\"https:\/\/gs-am-tannenplatz.de\/wp-content\/uploads\/2025\/11\/76bf386d-5ab3-4155-a0b4-70adae48fb4c.jpg\" alt=\"\" class=\"wp-image-1968\" style=\"width:838px;height:auto\" srcset=\"https:\/\/gs-am-tannenplatz.de\/wp-content\/uploads\/2025\/11\/76bf386d-5ab3-4155-a0b4-70adae48fb4c.jpg 800w, https:\/\/gs-am-tannenplatz.de\/wp-content\/uploads\/2025\/11\/76bf386d-5ab3-4155-a0b4-70adae48fb4c-768x346.jpg 768w\" sizes=\"auto, (max-width: 800px) 100vw, 800px\" \/><\/figure>\n<\/div>\n\n\n<figure class=\"wp-block-gallery has-nested-images columns-default is-cropped wp-block-gallery-3 is-layout-flex wp-block-gallery-is-layout-flex\">\n<figure class=\"wp-block-image size-full\"><img loading=\"lazy\" decoding=\"async\" width=\"360\" height=\"338\" data-id=\"1970\" src=\"https:\/\/gs-am-tannenplatz.de\/wp-content\/uploads\/2025\/11\/b114_bearb.jpg\" alt=\"\" class=\"wp-image-1970\"\/><\/figure>\n\n\n\n<figure class=\"wp-block-image size-full\"><img loading=\"lazy\" decoding=\"async\" width=\"575\" height=\"800\" data-id=\"1973\" src=\"https:\/\/gs-am-tannenplatz.de\/wp-content\/uploads\/2025\/11\/a690e828-e613-481a-b944-d5145ea3a19e-2.jpg\" alt=\"\" class=\"wp-image-1973\"\/><\/figure>\n<\/figure>\n\n\n\n<figure class=\"wp-block-gallery has-nested-images columns-default is-cropped wp-block-gallery-4 is-layout-flex wp-block-gallery-is-layout-flex\">\n<figure class=\"wp-block-image size-large\"><img loading=\"lazy\" decoding=\"async\" width=\"360\" height=\"800\" data-id=\"1974\" src=\"https:\/\/gs-am-tannenplatz.de\/wp-content\/uploads\/2025\/11\/4da40df4-8b84-42a4-80c6-efcc1fb5e468.jpg\" alt=\"\" class=\"wp-image-1974\"\/><\/figure>\n\n\n\n<figure class=\"wp-block-image size-large\"><img loading=\"lazy\" decoding=\"async\" width=\"2073\" height=\"2480\" data-id=\"2001\" src=\"https:\/\/gs-am-tannenplatz.de\/wp-content\/uploads\/2025\/11\/schlemer3-1-2073x2480.png\" alt=\"\" class=\"wp-image-2001\" srcset=\"https:\/\/gs-am-tannenplatz.de\/wp-content\/uploads\/2025\/11\/schlemer3-1-2073x2480.png 2073w, https:\/\/gs-am-tannenplatz.de\/wp-content\/uploads\/2025\/11\/schlemer3-1-856x1024.png 856w, https:\/\/gs-am-tannenplatz.de\/wp-content\/uploads\/2025\/11\/schlemer3-1-768x919.png 768w, https:\/\/gs-am-tannenplatz.de\/wp-content\/uploads\/2025\/11\/schlemer3-1-1284x1536.png 1284w\" sizes=\"auto, (max-width: 2073px) 100vw, 2073px\" \/><\/figure>\n\n\n\n<figure class=\"wp-block-image size-large\"><img loading=\"lazy\" decoding=\"async\" width=\"1972\" height=\"2480\" data-id=\"1999\" src=\"https:\/\/gs-am-tannenplatz.de\/wp-content\/uploads\/2025\/11\/schlemmer2-1-1972x2480.png\" alt=\"\" class=\"wp-image-1999\" srcset=\"https:\/\/gs-am-tannenplatz.de\/wp-content\/uploads\/2025\/11\/schlemmer2-1-1972x2480.png 1972w, https:\/\/gs-am-tannenplatz.de\/wp-content\/uploads\/2025\/11\/schlemmer2-1-814x1024.png 814w, https:\/\/gs-am-tannenplatz.de\/wp-content\/uploads\/2025\/11\/schlemmer2-1-768x966.png 768w, https:\/\/gs-am-tannenplatz.de\/wp-content\/uploads\/2025\/11\/schlemmer2-1-1222x1536.png 1222w, https:\/\/gs-am-tannenplatz.de\/wp-content\/uploads\/2025\/11\/schlemmer2-1-1629x2048.png 1629w, https:\/\/gs-am-tannenplatz.de\/wp-content\/uploads\/2025\/11\/schlemmer2-1-scaled.png 2036w\" sizes=\"auto, (max-width: 1972px) 100vw, 1972px\" \/><\/figure>\n<\/figure>\n\n\n\n<h2 class=\"wp-block-heading\">Einschulungsfeier<\/h2>\n\n\n\n<p>Am Donnerstag, 18.09.25 begr\u00fc\u00dften wir die neuen Erstkl\u00e4ssler*innen an unserer Schule. Bevor es endlich ins Schulhaus ging, gab es einen Gottesdienst und einen anschlie\u00dfenden kleinen Festakt im B\u00fcrgerzentrum. Da gab es neben Gru\u00dfworten auch einige Auff\u00fchrungen einiger h\u00f6herer Klassen unserer Schule. Z.B. einen sch\u00f6nen B\u00e4ndertanz (s. Foto). Anschlie\u00dfend war die Aufregung sicher gro\u00df, als es endlich ins Schulhaus ging und die Kinder zum ersten Mal in ihre neuen Klassenzimmer durften. <br><strong>Herzlich Willkommen an unserer Schule.<\/strong><\/p>\n\n\n\n<figure class=\"wp-block-image size-full\"><img loading=\"lazy\" decoding=\"async\" width=\"1365\" height=\"1024\" src=\"https:\/\/gs-am-tannenplatz.de\/wp-content\/uploads\/2025\/09\/IMG_4167.jpeg\" alt=\"\" class=\"wp-image-1807\" srcset=\"https:\/\/gs-am-tannenplatz.de\/wp-content\/uploads\/2025\/09\/IMG_4167.jpeg 1365w, https:\/\/gs-am-tannenplatz.de\/wp-content\/uploads\/2025\/09\/IMG_4167-1024x768.jpeg 1024w, https:\/\/gs-am-tannenplatz.de\/wp-content\/uploads\/2025\/09\/IMG_4167-768x576.jpeg 768w\" sizes=\"auto, (max-width: 1365px) 100vw, 1365px\" \/><\/figure>\n","protected":false},"excerpt":{"rendered":"<p>Einstein Kinder- und Jugendl\u00e4ufe 2026 Unsere Teilnehmenden der Einstein Kinder- und Jungendl\u00e4ufe 2026. Vielen Dank an alle! Toll, dass Ihr dabei wart! K\u00e4nguru Wettbewerb Mathematik&hellip;<\/p>\n","protected":false},"author":4,"featured_media":0,"parent":0,"menu_order":0,"comment_status":"closed","ping_status":"closed","template":"","meta":{"footnotes":""},"class_list":["post-261","page","type-page","status-publish","hentry"],"_links":{"self":[{"href":"https:\/\/gs-am-tannenplatz.de\/index.php\/wp-json\/wp\/v2\/pages\/261","targetHints":{"allow":["GET"]}}],"collection":[{"href":"https:\/\/gs-am-tannenplatz.de\/index.php\/wp-json\/wp\/v2\/pages"}],"about":[{"href":"https:\/\/gs-am-tannenplatz.de\/index.php\/wp-json\/wp\/v2\/types\/page"}],"author":[{"embeddable":true,"href":"https:\/\/gs-am-tannenplatz.de\/index.php\/wp-json\/wp\/v2\/users\/4"}],"replies":[{"embeddable":true,"href":"https:\/\/gs-am-tannenplatz.de\/index.php\/wp-json\/wp\/v2\/comments?post=261"}],"version-history":[{"count":71,"href":"https:\/\/gs-am-tannenplatz.de\/index.php\/wp-json\/wp\/v2\/pages\/261\/revisions"}],"predecessor-version":[{"id":2226,"href":"https:\/\/gs-am-tannenplatz.de\/index.php\/wp-json\/wp\/v2\/pages\/261\/revisions\/2226"}],"wp:attachment":[{"href":"https:\/\/gs-am-tannenplatz.de\/index.php\/wp-json\/wp\/v2\/media?parent=261"}],"curies":[{"name":"wp","href":"https:\/\/api.w.org\/{rel}","templated":true}]}}